{"id":7172,"date":"2019-06-17T10:02:41","date_gmt":"2019-06-17T08:02:41","guid":{"rendered":"https:\/\/barcelona.euses.cat\/?page_id=7172"},"modified":"2025-03-31T10:25:57","modified_gmt":"2025-03-31T08:25:57","slug":"qualitat","status":"publish","type":"page","link":"https:\/\/barcelona.euses.cat\/ca\/qualitat\/","title":{"rendered":"Qualitat"},"content":{"rendered":"<h3><strong>QUALITAT<\/strong><\/h3>\n<ul>\n<li><a href=\"https:\/\/www.udg.edu\/ca\/udgqualitat\/centres-adscrits\/compromis-de-qualitat?centre=CENT3159\" target=\"_blank\" rel=\"noopener noreferrer\">Comprom\u00eds de qualitat<\/a><\/li>\n<li><a href=\"https:\/\/www.udg.edu\/ca\/udgqualitat\/politica-de-qualitat\" target=\"_blank\" rel=\"noopener noreferrer\">Pol\u00edtica de qualitat<\/a><\/li>\n<li><a href=\"https:\/\/girona.euses.cat\/wp-content\/uploads\/2021\/11\/Poli\u0301tica-de-qualitat-dEUSES-v.1.pdf\" target=\"_blank\" rel=\"noopener noreferrer\">Pol\u00edtica de qualitat d&#8217;EUSES<\/a><\/li>\n<li><a href=\"https:\/\/www.udg.edu\/ca\/udgqualitat\/centres-adscrits\/comissio-de-qualitat?centre=CENT3159\" target=\"_blank\" rel=\"noopener noreferrer\">Comissi\u00f3 de Qualitat EUSES<\/a><\/li>\n<\/ul>\n<p>&nbsp;<\/p>\n<h3><strong>Sistema de Garantia Interna de Qualitat (SGIQ)<\/strong><\/h3>\n<ul>\n<li><a href=\"https:\/\/www.udg.edu\/ca\/udgqualitat\/sistema-de-garantia-intern-de-qualitat\" target=\"_blank\" rel=\"noopener noreferrer\">SGIQ a la UDG<\/a><\/li>\n<li><a href=\"https:\/\/www.udg.edu\/ca\/udgqualitat\/centres-adscrits\/sistema-de-garantia-intern-de-qualitat?centre=CENT3159\" target=\"_blank\" rel=\"noopener noreferrer\">SGIQ a EUSES<\/a><\/li>\n<li><a href=\"https:\/\/www.udg.edu\/ca\/udgqualitat\/centres-adscrits\/qualitat-de-les-titulacions?centre=CENT3159\" target=\"_blank\" rel=\"noopener noreferrer\">Qualitat de les titulacions<\/a><\/li>\n<li><a href=\"https:\/\/www.udg.edu\/ca\/udgqualitat\/centres-adscrits\/pla-de-millora?centre=CENT3159\" target=\"_blank\" rel=\"noopener noreferrer\">Pla de millora<\/a><\/li>\n<\/ul>\n<p>&nbsp;<\/p>\n<h3><strong>Mem\u00f2ries i informes d\u2019AQU de Graus i M\u00e0sters<\/strong><\/h3>\n<p><strong>Grau en Fisioter\u00e0pia<\/strong><\/p>\n<ul>\n<li><a href=\"https:\/\/girona.euses.cat\/wp-content\/uploads\/2019\/06\/FISIO-Verificacio-Memoria-2009.pdf\" target=\"_blank\" rel=\"noopener noreferrer\">Mem\u00f2ria de verificaci\u00f3 (2009)<\/a><\/li>\n<li><a href=\"https:\/\/aserv2.udg.edu\/apps\/Portals\/15\/qdocs\/FISIO_i_CAFE_Acreditaci%C3%B3_Autoinforme_17092014.pdf?_ga=2.159968829.1023053081.1582536375-636626616.1523958377\" target=\"_blank\" rel=\"noopener noreferrer\">Autoinforme d\u2019acreditaci\u00f3 (2014\/15)<\/a><\/li>\n<li><a href=\"https:\/\/girona.euses.cat\/wp-content\/uploads\/2022\/03\/AIA-EUSES-19-20.pdf\" target=\"_blank\" rel=\"noopener noreferrer\">Autoinforme d\u2019acreditaci\u00f3 (2019\/20)<\/a><\/li>\n<li>Informes d\u2019avaluaci\u00f3\n<ul>\n<li><a href=\"https:\/\/aserv2.udg.edu\/apps\/Portals\/15\/qdocs\/FISIO_Verificacio_ANECA_27042009.pdf?_ga=2.167308478.1023053081.1582536375-636626616.1523958377\" target=\"_blank\" rel=\"noopener noreferrer\">Verificaci\u00f3<\/a><\/li>\n<li><a href=\"https:\/\/girona.euses.cat\/wp-content\/uploads\/2022\/03\/Acreditacio_Fisioterapia_19-20.pdf\" target=\"_blank\" rel=\"noopener noreferrer\">Acreditaci\u00f3<\/a><\/li>\n<\/ul>\n<\/li>\n<li><a href=\"https:\/\/girona.euses.cat\/wp-content\/uploads\/2019\/06\/RESOLUCI\u00d3N-FISIO.pdf\" target=\"_blank\" rel=\"noopener noreferrer\">Resoluci\u00f3 Consejo Universidades<\/a><\/li>\n<li><a href=\"https:\/\/www.educacion.gob.es\/ruct\/estudiocentro.action?codigoCiclo=SC&amp;codigoEstudio=2500698&amp;actual=estudios\" target=\"_blank\" rel=\"noopener noreferrer\">RUCT<\/a><\/li>\n<li><a href=\"http:\/\/estudis.aqu.cat\/euc\/estudi\/530\" target=\"_blank\" rel=\"noopener noreferrer\">Informaci\u00f3 sobre la titulaci\u00f3 a Estudis Universitaris de Catalunya (EUC)<\/a><\/li>\n<\/ul>\n<p>&nbsp;<\/p>\n<p><strong>Grau en Fisioter\u00e0pia \u2013 Physiotherapy Barcelona (interuniversitari)<\/strong><\/p>\n<ul>\n<li><a href=\"https:\/\/girona.euses.cat\/wp-content\/uploads\/2019\/06\/MEM\u00d2RIA-VERIFICACI\u00d3-PHYSIOTHERAPY.pdf\" target=\"_blank\" rel=\"noopener noreferrer\">Mem\u00f2ria de verificaci\u00f3 (2015)<\/a><\/li>\n<li><a href=\"https:\/\/girona.euses.cat\/wp-content\/uploads\/2022\/03\/AIA-EUSES-19-20.pdf\" target=\"_blank\" rel=\"noopener noreferrer\">Autoinforme d\u2019acreditaci\u00f3 (2019\/20)<\/a><\/li>\n<li>Informes d\u2019avaluaci\u00f3\n<ul>\n<li><a href=\"https:\/\/girona.euses.cat\/wp-content\/uploads\/2019\/06\/INFORMES-AVALUACI\u00d3-PHYSIO-VERIFICACI\u00d3.pdf\" target=\"_blank\" rel=\"noopener noreferrer\">Verificaci\u00f3<\/a><\/li>\n<li><a href=\"https:\/\/girona.euses.cat\/wp-content\/uploads\/2022\/03\/Acreditacio_Fisioterapia_INT_19-20.pdf\" target=\"_blank\" rel=\"noopener noreferrer\">Acreditaci\u00f3<\/a><\/li>\n<\/ul>\n<\/li>\n<li><a href=\"https:\/\/girona.euses.cat\/wp-content\/uploads\/2019\/06\/RESOLUCION-CONSEJO-UNIVERSIDADES-PHYSIO.pdf\" target=\"_blank\" rel=\"noopener noreferrer\">Resoluci\u00f3 Consejo Universidades<\/a><\/li>\n<li><a href=\"https:\/\/www.educacion.gob.es\/ruct\/estudiocentro.action?codigoCiclo=SC&amp;codigoEstudio=2503269&amp;actual=estudios\" target=\"_blank\" rel=\"noopener noreferrer\">RUCT<\/a><\/li>\n<li><a href=\"https:\/\/girona.euses.cat\/wp-content\/uploads\/2019\/06\/CONVENI-COL.LABORACI\u00d3-UDG-UB.pdf\" target=\"_blank\" rel=\"noopener noreferrer\">Conveni de col.laboraci\u00f3 UdG-UB<\/a><\/li>\n<li><a href=\"http:\/\/estudis.aqu.cat\/euc\/estudi\/2693\" target=\"_blank\" rel=\"noopener noreferrer\">Informaci\u00f3 sobre la titulaci\u00f3 a EUC<\/a><\/li>\n<\/ul>\n<p>&nbsp;<\/p>\n<p><strong>Grau en Ci\u00e8ncies de l\u2019Activitat F\u00edsica i de l\u2019Esport<\/strong><\/p>\n<ul>\n<li><a href=\"https:\/\/girona.euses.cat\/wp-content\/uploads\/2019\/06\/MEM\u00d2RIA-VERIFICACI\u00d3-CAFiE.pdf\" target=\"_blank\" rel=\"noopener noreferrer\">Mem\u00f2ria de verificaci\u00f3 (2009)<\/a><\/li>\n<li><a href=\"https:\/\/aserv2.udg.edu\/apps\/Portals\/15\/qdocs\/FISIO_i_CAFE_Acreditaci%C3%B3_Autoinforme_17092014.pdf?_ga=2.159968829.1023053081.1582536375-636626616.1523958377\" target=\"_blank\" rel=\"noopener noreferrer\">Autoinforme d\u2019acreditaci\u00f3 (2014\/15)<\/a><\/li>\n<li><a href=\"https:\/\/girona.euses.cat\/wp-content\/uploads\/2022\/03\/AIA-EUSES-19-20.pdf\">Autoinforme d\u2019acreditaci\u00f3 (2019\/20)<\/a><\/li>\n<li>Informes d\u2019avaluaci\u00f3\n<ul>\n<li><a href=\"https:\/\/girona.euses.cat\/wp-content\/uploads\/2022\/03\/Acreditacio_Ciencies_Activitat-Fisica_i_Esport_19-20.pdf\" target=\"_blank\" rel=\"noopener noreferrer\">Acreditaci\u00f3<\/a><\/li>\n<\/ul>\n<\/li>\n<li><a href=\"https:\/\/girona.euses.cat\/wp-content\/uploads\/2021\/03\/CAFE_Modificacio_2015_Memoria_10072015-4dbcc7e5-a4a1-4d7e-b90c-dcf54a65faa3.pdf\" target=\"_blank\" rel=\"noopener noreferrer\">Mem\u00f2ria modificada (2015)<\/a><\/li>\n<li>Informe d&#8217;avaluaci\u00f3\n<ul>\n<li><a href=\"https:\/\/girona.euses.cat\/wp-content\/uploads\/2019\/06\/INFORME-AVALUACI\u00d3-CAFiE-MODIFICACI\u00d3.pdf\" target=\"_blank\" rel=\"noopener noreferrer\">Modificaci\u00f3<\/a><\/li>\n<\/ul>\n<\/li>\n<li><a href=\"https:\/\/girona.euses.cat\/wp-content\/uploads\/2019\/06\/RESOLUCI\u00d3N-CAFiE.pdf\" target=\"_blank\" rel=\"noopener noreferrer\">Resoluci\u00f3 Consejo Universidades<\/a><\/li>\n<li><a href=\"https:\/\/www.educacion.gob.es\/ruct\/estudiocentro.action?codigoCiclo=SC&amp;codigoEstudio=2501047&amp;actual=estudios\" target=\"_blank\" rel=\"noopener noreferrer\">RUCT<\/a><\/li>\n<li><a href=\"http:\/\/estudis.aqu.cat\/euc\/estudi\/531\" target=\"_blank\" rel=\"noopener noreferrer\">Informaci\u00f3 sobre la titulaci\u00f3 a EUC<\/a><\/li>\n<\/ul>\n<p>&nbsp;<\/p>\n<h3><strong>\u00a0\u00a0 Inserci\u00f3 Laboral i Satisfacci\u00f3 dels Graduats\/des<\/strong><\/h3>\n<ul>\n<li><span style=\"font-family: arial, sans-serif;\"><a href=\"https:\/\/estudis.aqu.cat\/dades\/Web\/Grau\/InsercioLaboral\" target=\"_blank\" rel=\"noopener noreferrer\" data-saferedirecturl=\"https:\/\/www.google.com\/url?q=https:\/\/estudis.aqu.cat\/dades\/Web\/Grau\/InsercioLaboral&amp;source=gmail&amp;ust=1614290722346000&amp;usg=AFQjCNGftrDq5X2wb6D79RC-BlV3Kw1FDQ\">Inserci\u00f3 Laboral<\/a><\/span><\/li>\n<li><span style=\"font-family: arial, sans-serif;\"><a href=\"https:\/\/estudis.aqu.cat\/dades\/Web\/Grau\/Satisfaccio\" target=\"_blank\" rel=\"noopener noreferrer\" data-saferedirecturl=\"https:\/\/www.google.com\/url?q=https:\/\/estudis.aqu.cat\/dades\/Web\/Grau\/Satisfaccio&amp;source=gmail&amp;ust=1614290722346000&amp;usg=AFQjCNGfsSsS5YZCJ5F4r6TWsFkYZmHuzQ\">Satisfacci\u00f3 dels Graduats\/des<\/a><\/span><\/li>\n<\/ul>\n<p>&nbsp;<\/p>\n<h3><strong>Informes de seguiment i acreditaci\u00f3 de graus i m\u00e0sters<\/strong><\/h3>\n<p><strong>Curs 2016-2017<\/strong><\/p>\n<ul>\n<li><a href=\"https:\/\/girona.euses.cat\/wp-content\/uploads\/2019\/06\/INFORME-DE-SEGUIMENT-2016-2017-EUSES-DEF.pdf\" target=\"_blank\" rel=\"noopener noreferrer\">Informe de seguiment 2016-2017<\/a><\/li>\n<li>Taules i gr\u00e0fics\n<ul>\n<li><a href=\"https:\/\/girona.euses.cat\/wp-content\/uploads\/2019\/07\/TAULES-FISIO-SALT-PHYSIO-BCN-16-17.xlsx\" target=\"_blank\" rel=\"noopener noreferrer\">Grau en Fisioter\u00e0pia (Salt) + Physiotherapy Barcelona (interuniversitari)<\/a><\/li>\n<li><a href=\"https:\/\/girona.euses.cat\/wp-content\/uploads\/2019\/07\/TAULES-CAFiE-16-17.xlsx\" target=\"_blank\" rel=\"noopener noreferrer\">Grau en Ci\u00e8ncies de l\u2019Activitat F\u00edsica i de l\u2019Esport<\/a><\/li>\n<\/ul>\n<\/li>\n<\/ul>\n<p><strong>Curs 2017-2018<\/strong><\/p>\n<ul>\n<li><a href=\"https:\/\/girona.euses.cat\/wp-content\/uploads\/2020\/03\/Informe-de-seguiment-EUSES-17-18-v.1.pdf\" target=\"_blank\" rel=\"noopener noreferrer\">Informe de seguiment 2017-2018<\/a><\/li>\n<li>Taules i gr\u00e0fics\n<ul>\n<li><a href=\"https:\/\/girona.euses.cat\/wp-content\/uploads\/2019\/06\/Fisioter\u00e0pia-TAULES-SALT.xlsx\" target=\"_blank\" rel=\"noopener noreferrer\">Grau en Fisioter\u00e0pia<\/a><\/li>\n<li><a href=\"https:\/\/girona.euses.cat\/wp-content\/uploads\/2019\/06\/Fisioter\u00e0pia-561-BCN.xlsx\" target=\"_blank\" rel=\"noopener noreferrer\">Grau en Fisioter\u00e0pia \u2013 Physiotherapy Barcelona (interuniversitari)<\/a><\/li>\n<li><a href=\"https:\/\/girona.euses.cat\/wp-content\/uploads\/2019\/06\/CAFE-FINAL-TAULES-INFORME-SEGUIMENT.xlsx\" target=\"_blank\" rel=\"noopener noreferrer\">Grau en Ci\u00e8ncies de l\u2019Activitat F\u00edsica i de l\u2019Esport<\/a><\/li>\n<li><a href=\"https:\/\/girona.euses.cat\/wp-content\/uploads\/2019\/06\/DTG-TAULES.xlsx\" target=\"_blank\" rel=\"noopener noreferrer\">Doble Grau en Fisioter\u00e0pia i CAFE<\/a><\/li>\n<\/ul>\n<\/li>\n<\/ul>\n<p><strong>Curs 2018-2019<\/strong><\/p>\n<ul>\n<li><a href=\"https:\/\/girona.euses.cat\/wp-content\/uploads\/2020\/03\/ISC-18-19-v1.pdf\" target=\"_blank\" rel=\"noopener noreferrer\">Informe de seguiment 2018-2019<\/a><\/li>\n<li>Taules i gr\u00e0fics\n<ul>\n<li><a href=\"https:\/\/girona.euses.cat\/wp-content\/uploads\/2020\/02\/GRAU0245-Fisio-def-2.xlsx\" target=\"_blank\" rel=\"noopener noreferrer\">Grau en Fisioter\u00e0pia<\/a><\/li>\n<li><a href=\"https:\/\/girona.euses.cat\/wp-content\/uploads\/2020\/02\/GRAU0561-Physio-3159-def-2.xlsx\" target=\"_blank\" rel=\"noopener noreferrer\">Grau en Fisioter\u00e0pia \u2013 Physiotherapy Barcelona (interuniversitari)<\/a><\/li>\n<li><a href=\"https:\/\/girona.euses.cat\/wp-content\/uploads\/2020\/02\/GRAU0244-Cie\u0300ncies-Activitat-Esport-def-2.xlsx\" target=\"_blank\" rel=\"noopener noreferrer\">Grau en Ci\u00e8ncies de l\u2019Activitat F\u00edsica i de l\u2019Esport<\/a><\/li>\n<li><a href=\"https:\/\/girona.euses.cat\/wp-content\/uploads\/2020\/02\/3159GD116-CAFE-Fisio-def-2.xlsx\" target=\"_blank\" rel=\"noopener noreferrer\">Doble Grau en Fisioter\u00e0pia i CAFE<\/a><\/li>\n<\/ul>\n<\/li>\n<li><a href=\"https:\/\/girona.euses.cat\/wp-content\/uploads\/2020\/05\/Pla-de-Millora-EUSES-2018-2019-2.pdf\" target=\"_blank\" rel=\"noopener noreferrer\">Pla de millora<\/a><\/li>\n<\/ul>\n<p><strong>Curs 2019-2020<\/strong><\/p>\n<ul>\n<li><a href=\"https:\/\/girona.euses.cat\/wp-content\/uploads\/2021\/03\/AIA-EUSES-v.1.-1.pdf\" target=\"_blank\" rel=\"noopener noreferrer\">Autoinforme d&#8217;acreditaci\u00f3 2019\/20<\/a><\/li>\n<li><a href=\"https:\/\/girona.euses.cat\/wp-content\/uploads\/2021\/03\/3.3.1.a.-Pla-de-millora-del-centre.pdf\" target=\"_blank\" rel=\"noopener noreferrer\">Pla de millora<\/a><\/li>\n<\/ul>\n<p><strong>Curs 2021-2022<\/strong><\/p>\n<ul>\n<li><a href=\"https:\/\/girona.euses.cat\/wp-content\/uploads\/2023\/04\/Informe-de-Seguiment-EUSES-2022-aprovat-CQC-28_03_2023.pdf\" target=\"_blank\" rel=\"noopener\">Informe de seguiment 2021-2022<\/a><\/li>\n<li>Taules i gr\u00e0fics\n<ul>\n<li><a href=\"https:\/\/girona.euses.cat\/wp-content\/uploads\/2023\/04\/DGU1937-Readaptacia-2122-230126.xlsx\">M\u00e0ster Universitari en Readaptaci\u00f3 a l&#8217;Activitat F\u00edsica i la Competici\u00f3 Esportiva<\/a><\/li>\n<\/ul>\n<\/li>\n<li><a href=\"https:\/\/girona.euses.cat\/wp-content\/uploads\/2023\/04\/Pla-de-millora-EUSES-a-9-de-mar\u2021-de-2023.pdf\">Pla de millora<\/a><\/li>\n<\/ul>\n<p><strong>Curs 2022-2023<\/strong><\/p>\n<ul>\n<li><a href=\"https:\/\/barcelona.euses.cat\/wp-content\/uploads\/2024\/02\/EUSES-Seguiment-22-23-v7-x-web.pdf\" target=\"_blank\" rel=\"noopener\">Informe de seguiment 2022-2023<\/a><\/li>\n<li>Taules i gr\u00e0fics\n<ul>\n<li><a href=\"https:\/\/girona.euses.cat\/wp-content\/uploads\/2024\/02\/DGU1937_Master_readaptacio_2223_v2_x_web.xlsx\" target=\"_blank\" rel=\"noopener\">M\u00e0ster Universitari en Readaptaci\u00f3 a l&#8217;Activitat F\u00edsica i la Competici\u00f3 Esportiva<\/a><\/li>\n<\/ul>\n<\/li>\n<li><a href=\"https:\/\/girona.euses.cat\/wp-content\/uploads\/2024\/02\/DOC0001631_PM_EUSES_21-22_i_22-23.pdf\" target=\"_blank\" rel=\"noopener\">Pla de millora<\/a><\/li>\n<\/ul>\n<p><strong>Curs 2023-2024<\/strong><\/p>\n<ul>\n<li><a href=\"https:\/\/girona.euses.cat\/wp-content\/uploads\/2025\/03\/ISC-Master-23-24-v10.pdf\" target=\"_blank\" rel=\"noopener\">Informe de seguiment 2023-2024<\/a><\/li>\n<li>Taules i gr\u00e0fics\n<ul>\n<li><a href=\"https:\/\/lameva.udg.edu\/Aplicacions\/Data-UdG?reportId=ded953ee-3a46-4ba4-9b03-9d2930e7e5c6&amp;sid=60bcf38f-62c1-4077-9038-020609fce3b3\" target=\"_blank\" rel=\"noopener\">M\u00e0ster Universitari en Readaptaci\u00f3 a l&#8217;Activitat F\u00edsica i la Competici\u00f3 Esportiva<\/a><\/li>\n<\/ul>\n<\/li>\n<li><a href=\"https:\/\/girona.euses.cat\/wp-content\/uploads\/2025\/03\/Resum-del-pla-de-millora-dEUSES-13-de-febrer-de-2025.pdf\" target=\"_blank\" rel=\"noopener\">Pla de millora<\/a><\/li>\n<\/ul>\n<h3><strong>Documents<\/strong><\/h3>\n<ul>\n<li><a href=\"https:\/\/girona.euses.cat\/wp-content\/uploads\/2021\/04\/Informacio\u0301-per-passar-de-CAFE-a-FISIO-2021-DEF.pdf\" target=\"_blank\" rel=\"noopener noreferrer\">Informaci\u00f3 per passar de CAFE a Fisioter\u00e0pia, 2021\/22<\/a><\/li>\n<\/ul>\n<p>&nbsp;<\/p>\n<h3><strong>Enlla\u00e7os<\/strong><\/h3>\n<ul>\n<li><a href=\"http:\/\/www.aqu.cat\/\" target=\"_blank\" rel=\"noopener noreferrer\">Ag\u00e8ncia per a la Qualitat del Sistema Universitari de Catalunya (AQU)<\/a><\/li>\n<li><a href=\"https:\/\/estudis.aqu.cat\/euc\/ca\/Comu\/Inici\/\" target=\"_blank\" rel=\"noopener noreferrer\"><u>EUC<\/u><\/a><\/li>\n<li><a href=\"https:\/\/www.udg.edu\/ca\/udgqualitat\/\" target=\"_blank\" rel=\"noopener noreferrer\">Web de qualitat de la UdG<\/a><\/li>\n<li><a href=\"https:\/\/www.udg.edu\/ca\/viu\/biblioteca\" target=\"_blank\" rel=\"noopener noreferrer\">Biblioteca<\/a><\/li>\n<li><a href=\"https:\/\/www.ub.edu\/portal\/web\/politiques-qualitat\" target=\"_blank\" rel=\"noopener noreferrer\">Ag\u00e8ncia de Pol\u00edtiques i de Qualitat\u200b\u200b de la UB (APQUB)<\/a><\/li>\n<li><a href=\"http:\/\/www.ub.edu\/gestio-ensenyaments\/\" target=\"_blank\" rel=\"noopener noreferrer\">Gesti\u00f3 ensenyaments<\/a><\/li>\n<li><a href=\"https:\/\/www.udg.edu\/ca\/estudia\/Acces\" target=\"_blank\" rel=\"noopener noreferrer\">Acc\u00e9s (UdG)<\/a><\/li>\n<li><a href=\"http:\/\/www.ub.edu\/web\/ub\/ca\/estudis\/estudiar_UB\/admissions\/admissions_grau\/admissions_grau.html\" target=\"_blank\" rel=\"noopener noreferrer\">Admissi\u00f3 a ensenyaments de grau (UB)<\/a><\/li>\n<\/ul>\n","protected":false},"excerpt":{"rendered":"<p>QUALITAT Comprom\u00eds de qualitat Pol\u00edtica de qualitat Pol\u00edtica de qualitat d&#8217;EUSES Comissi\u00f3 de Qualitat EUSES &nbsp; Sistema de Garantia Interna de Qualitat (SGIQ) SGIQ a la UDG SGIQ a EUSES Qualitat de les titulacions Pla de millora &nbsp; Mem\u00f2ries i informes d\u2019AQU de Graus i M\u00e0sters Grau en Fisioter\u00e0pia Mem\u00f2ria de verificaci\u00f3 (2009) Autoinforme d\u2019acreditaci\u00f3 [&hellip;]<\/p>\n","protected":false},"author":1,"featured_media":0,"parent":0,"menu_order":0,"comment_status":"closed","ping_status":"closed","template":"page-pagina.php","meta":{"_acf_changed":false,"inline_featured_image":false,"_joinchat":[],"footnotes":""},"class_list":["post-7172","page","type-page","status-publish","hentry"],"acf":[],"yoast_head":"<!-- This site is optimized with the Yoast SEO plugin v27.4 - https:\/\/yoast.com\/product\/yoast-seo-wordpress\/ -->\n<title>Qualitat | EUSES- Campus de Bellvitge (Barcelona)<\/title>\n<meta name=\"robots\" content=\"index, follow, max-snippet:-1, max-image-preview:large, max-video-preview:-1\" \/>\n<link rel=\"canonical\" href=\"https:\/\/barcelona.euses.cat\/ca\/qualitat\/\" \/>\n<meta property=\"og:locale\" content=\"ca_ES\" \/>\n<meta property=\"og:type\" content=\"article\" \/>\n<meta property=\"og:title\" content=\"Qualitat | EUSES- Campus de Bellvitge (Barcelona)\" \/>\n<meta property=\"og:description\" content=\"QUALITAT Comprom\u00eds de qualitat Pol\u00edtica de qualitat Pol\u00edtica de qualitat d&#8217;EUSES Comissi\u00f3 de Qualitat EUSES &nbsp; Sistema de Garantia Interna de Qualitat (SGIQ) SGIQ a la UDG SGIQ a EUSES Qualitat de les titulacions Pla de millora &nbsp; Mem\u00f2ries i informes d\u2019AQU de Graus i M\u00e0sters Grau en Fisioter\u00e0pia Mem\u00f2ria de verificaci\u00f3 (2009) Autoinforme d\u2019acreditaci\u00f3 [&hellip;]\" \/>\n<meta property=\"og:url\" content=\"https:\/\/barcelona.euses.cat\/ca\/qualitat\/\" \/>\n<meta property=\"og:site_name\" content=\"EUSES- Campus de Bellvitge (Barcelona)\" \/>\n<meta property=\"article:publisher\" content=\"https:\/\/www.facebook.com\/PhysioBCN\/\" \/>\n<meta property=\"article:modified_time\" content=\"2025-03-31T08:25:57+00:00\" \/>\n<meta name=\"twitter:card\" content=\"summary_large_image\" \/>\n<meta name=\"twitter:label1\" content=\"Temps estimat de lectura\" \/>\n\t<meta name=\"twitter:data1\" content=\"2 minuts\" \/>\n<script type=\"application\/ld+json\" class=\"yoast-schema-graph\">{\"@context\":\"https:\\\/\\\/schema.org\",\"@graph\":[{\"@type\":\"WebPage\",\"@id\":\"https:\\\/\\\/barcelona.euses.cat\\\/ca\\\/qualitat\\\/\",\"url\":\"https:\\\/\\\/barcelona.euses.cat\\\/ca\\\/qualitat\\\/\",\"name\":\"Qualitat | EUSES- Campus de Bellvitge (Barcelona)\",\"isPartOf\":{\"@id\":\"https:\\\/\\\/barcelona.euses.cat\\\/ca\\\/#website\"},\"datePublished\":\"2019-06-17T08:02:41+00:00\",\"dateModified\":\"2025-03-31T08:25:57+00:00\",\"breadcrumb\":{\"@id\":\"https:\\\/\\\/barcelona.euses.cat\\\/ca\\\/qualitat\\\/#breadcrumb\"},\"inLanguage\":\"ca\",\"potentialAction\":[{\"@type\":\"ReadAction\",\"target\":[\"https:\\\/\\\/barcelona.euses.cat\\\/ca\\\/qualitat\\\/\"]}]},{\"@type\":\"BreadcrumbList\",\"@id\":\"https:\\\/\\\/barcelona.euses.cat\\\/ca\\\/qualitat\\\/#breadcrumb\",\"itemListElement\":[{\"@type\":\"ListItem\",\"position\":1,\"name\":\"Portada\",\"item\":\"https:\\\/\\\/barcelona.euses.cat\\\/ca\\\/\"},{\"@type\":\"ListItem\",\"position\":2,\"name\":\"Qualitat\"}]},{\"@type\":\"WebSite\",\"@id\":\"https:\\\/\\\/barcelona.euses.cat\\\/ca\\\/#website\",\"url\":\"https:\\\/\\\/barcelona.euses.cat\\\/ca\\\/\",\"name\":\"EUSES - Campus de Bellvitge (Barcelona)\",\"description\":\"EUSES, Escola Universit\u00e0ria de Fisioter\u00e0pia Internacional a Barcelona\",\"potentialAction\":[{\"@type\":\"SearchAction\",\"target\":{\"@type\":\"EntryPoint\",\"urlTemplate\":\"https:\\\/\\\/barcelona.euses.cat\\\/ca\\\/?s={search_term_string}\"},\"query-input\":{\"@type\":\"PropertyValueSpecification\",\"valueRequired\":true,\"valueName\":\"search_term_string\"}}],\"inLanguage\":\"ca\"}]}<\/script>\n<!-- \/ Yoast SEO plugin. -->","yoast_head_json":{"title":"Qualitat | EUSES- Campus de Bellvitge (Barcelona)","robots":{"index":"index","follow":"follow","max-snippet":"max-snippet:-1","max-image-preview":"max-image-preview:large","max-video-preview":"max-video-preview:-1"},"canonical":"https:\/\/barcelona.euses.cat\/ca\/qualitat\/","og_locale":"ca_ES","og_type":"article","og_title":"Qualitat | EUSES- Campus de Bellvitge (Barcelona)","og_description":"QUALITAT Comprom\u00eds de qualitat Pol\u00edtica de qualitat Pol\u00edtica de qualitat d&#8217;EUSES Comissi\u00f3 de Qualitat EUSES &nbsp; Sistema de Garantia Interna de Qualitat (SGIQ) SGIQ a la UDG SGIQ a EUSES Qualitat de les titulacions Pla de millora &nbsp; Mem\u00f2ries i informes d\u2019AQU de Graus i M\u00e0sters Grau en Fisioter\u00e0pia Mem\u00f2ria de verificaci\u00f3 (2009) Autoinforme d\u2019acreditaci\u00f3 [&hellip;]","og_url":"https:\/\/barcelona.euses.cat\/ca\/qualitat\/","og_site_name":"EUSES- Campus de Bellvitge (Barcelona)","article_publisher":"https:\/\/www.facebook.com\/PhysioBCN\/","article_modified_time":"2025-03-31T08:25:57+00:00","twitter_card":"summary_large_image","twitter_misc":{"Temps estimat de lectura":"2 minuts"},"schema":{"@context":"https:\/\/schema.org","@graph":[{"@type":"WebPage","@id":"https:\/\/barcelona.euses.cat\/ca\/qualitat\/","url":"https:\/\/barcelona.euses.cat\/ca\/qualitat\/","name":"Qualitat | EUSES- Campus de Bellvitge (Barcelona)","isPartOf":{"@id":"https:\/\/barcelona.euses.cat\/ca\/#website"},"datePublished":"2019-06-17T08:02:41+00:00","dateModified":"2025-03-31T08:25:57+00:00","breadcrumb":{"@id":"https:\/\/barcelona.euses.cat\/ca\/qualitat\/#breadcrumb"},"inLanguage":"ca","potentialAction":[{"@type":"ReadAction","target":["https:\/\/barcelona.euses.cat\/ca\/qualitat\/"]}]},{"@type":"BreadcrumbList","@id":"https:\/\/barcelona.euses.cat\/ca\/qualitat\/#breadcrumb","itemListElement":[{"@type":"ListItem","position":1,"name":"Portada","item":"https:\/\/barcelona.euses.cat\/ca\/"},{"@type":"ListItem","position":2,"name":"Qualitat"}]},{"@type":"WebSite","@id":"https:\/\/barcelona.euses.cat\/ca\/#website","url":"https:\/\/barcelona.euses.cat\/ca\/","name":"EUSES - Campus de Bellvitge (Barcelona)","description":"EUSES, Escola Universit\u00e0ria de Fisioter\u00e0pia Internacional a Barcelona","potentialAction":[{"@type":"SearchAction","target":{"@type":"EntryPoint","urlTemplate":"https:\/\/barcelona.euses.cat\/ca\/?s={search_term_string}"},"query-input":{"@type":"PropertyValueSpecification","valueRequired":true,"valueName":"search_term_string"}}],"inLanguage":"ca"}]}},"_links":{"self":[{"href":"https:\/\/barcelona.euses.cat\/ca\/wp-json\/wp\/v2\/pages\/7172","targetHints":{"allow":["GET"]}}],"collection":[{"href":"https:\/\/barcelona.euses.cat\/ca\/wp-json\/wp\/v2\/pages"}],"about":[{"href":"https:\/\/barcelona.euses.cat\/ca\/wp-json\/wp\/v2\/types\/page"}],"author":[{"embeddable":true,"href":"https:\/\/barcelona.euses.cat\/ca\/wp-json\/wp\/v2\/users\/1"}],"replies":[{"embeddable":true,"href":"https:\/\/barcelona.euses.cat\/ca\/wp-json\/wp\/v2\/comments?post=7172"}],"version-history":[{"count":26,"href":"https:\/\/barcelona.euses.cat\/ca\/wp-json\/wp\/v2\/pages\/7172\/revisions"}],"predecessor-version":[{"id":12471,"href":"https:\/\/barcelona.euses.cat\/ca\/wp-json\/wp\/v2\/pages\/7172\/revisions\/12471"}],"wp:attachment":[{"href":"https:\/\/barcelona.euses.cat\/ca\/wp-json\/wp\/v2\/media?parent=7172"}],"curies":[{"name":"wp","href":"https:\/\/api.w.org\/{rel}","templated":true}]}}