{"id":7162,"date":"2019-06-17T09:51:58","date_gmt":"2019-06-17T07:51:58","guid":{"rendered":"https:\/\/barcelona.euses.cat\/?page_id=7162"},"modified":"2025-07-18T13:35:18","modified_gmt":"2025-07-18T11:35:18","slug":"normativa","status":"publish","type":"page","link":"https:\/\/barcelona.euses.cat\/ca\/normativa\/","title":{"rendered":"Normativa"},"content":{"rendered":"<h3><strong>Legislaci\u00f3 sobre educaci\u00f3 superior universit\u00e0ria<\/strong><\/h3>\n<ul class=\"hanging-list\">\n<li><a href=\"https:\/\/www.udg.edu\/ca\/coneix\/treballa-a-la-udg\/personal-docent-i-investigador\/legislacio\" target=\"_blank\" rel=\"noopener noreferrer\"><span style=\"font-weight: 400;\">Legislaci\u00f3 sobre educaci\u00f3 superior universit\u00e0ria a Catalunya<\/span><\/a><\/li>\n<\/ul>\n<h3>Normativa de la Universitat de Girona<\/h3>\n<ul class=\"hanging-list\">\n<li><a href=\"https:\/\/www.udg.edu\/ca\/estudia\/tramits-normatives-i-preus\/normatives\" target=\"_blank\" rel=\"noopener noreferrer\">Normatives i procediments UdG<\/a><\/li>\n<li><a href=\"https:\/\/www.udg.edu\/ca\/estudia\/Beques-i-ajuts\" target=\"_blank\" rel=\"noopener noreferrer\"><span style=\"font-weight: 400;\">Beques i ajuts<\/span><\/a><\/li>\n<li><a href=\"https:\/\/www.udg.edu\/es\/infocovid\" target=\"_blank\" rel=\"noopener noreferrer\">Pla de Continge\u0300ncia COVID-19<\/a><\/li>\n<\/ul>\n<p>&nbsp;<\/p>\n<h3><strong>Normativa pr\u00f2pia d\u2019EUSES<\/strong><\/h3>\n<ul class=\"hanging-list\">\n<li><a href=\"https:\/\/girona.euses.cat\/wp-content\/uploads\/2021\/02\/Reglament-TFG_TFM-EUSES-def.pdf\" target=\"_blank\" rel=\"noopener noreferrer\"><span style=\"font-weight: 400;\">Reglament intern organitzador del Treball Final de Grau i Treball Final de M\u00e0ster<\/span><\/a><\/li>\n<li><a href=\"https:\/\/girona.euses.cat\/wp-content\/uploads\/2021\/02\/Normativa-Pr\u00e0ctiques-Externes-EUSES-def.pdf\" target=\"_blank\" rel=\"noopener noreferrer\">Normativa interna organitzadora de les pr\u00e0ctiques externes<\/a><\/li>\n<li><a href=\"https:\/\/girona.euses.cat\/wp-content\/uploads\/2021\/04\/Model-Codi-Etic.pdf\" target=\"_blank\" rel=\"noopener noreferrer\">Codi \u00e8tic<\/a><\/li>\n<li><a href=\"https:\/\/girona.euses.cat\/erasmus-sicue\/\" target=\"_blank\" rel=\"noopener noreferrer\">Mobilitat<\/a><\/li>\n<li><a href=\"https:\/\/barcelona.euses.cat\/wp-content\/uploads\/2025\/07\/Normes-de-convivencia-EUSES_-DEF-4.pdf\">Normes de conviv\u00e8ncia<\/a><\/li>\n<li><a href=\"https:\/\/barcelona.euses.cat\/wp-content\/uploads\/2025\/07\/Protocol-Assetjament-EUSES-definitiu-revisat.pdf\">Protocol de prevenci\u00f3 i actuaci\u00f3 davant situacions de viol\u00e8ncia o d\u2019assetjament moral i sexual i l\u2019assetjament per ra\u00f3 de sexe, orientaci\u00f3 sexual, identitat de g\u00e8nere o expressi\u00f3 de g\u00e8nere<\/a><\/li>\n<\/ul>\n<p><!--li><span data-mce-type=\"bookmark\" style=\"display: inline-block; width: 0px; overflow: hidden; line-height: 0;\" class=\"mce_SELRES_start\"><\/span><a href=\"https:\/\/girona.euses.cat\/wp-content\/uploads\/2021\/08\/Pla_Organitzacio_Definitiu_del_Centre_Garbi(Rev_RBLL_14072021).docx\" target=\"_blank\" rel=\"noopener noreferrer\">Pla d'Organitzaci\u00f3 del Centre Garb\u00ed<\/a><\/li-->\n<p>&nbsp;<\/p>\n<h3><strong>Normativa pr\u00f2pia CENTRE GARB\u00cd<\/strong><\/h3>\n<ul class=\"hanging-list\">\n<li><a href=\"https:\/\/girona.euses.cat\/wp-content\/uploads\/2021\/09\/Pla_Organitzacio\u0301_Definitiu_Centre_Garbi.pdf\" target=\"_blank\" rel=\"noopener noreferrer\">Pla d&#8217;Organitzaci\u00f3 del Centre Garb\u00ed 2021-2022<\/a><\/li>\n<\/ul>\n<p>&nbsp;<\/p>\n<h3>Enlla\u00e7os espec\u00edfics d\u2019acc\u00e9s i preinscripci\u00f3<\/h3>\n<ul class=\"hanging-list\">\n<li style=\"font-weight: 400;\"><a href=\"https:\/\/accesuniversitat.gencat.cat\/accesuniversitat\/login\" target=\"_blank\" rel=\"noopener noreferrer\"><span style=\"font-weight: 400;\">Portal d\u2019acc\u00e9s a la Universitat (Generalitat de Catalunya)<\/span><\/a><\/li>\n<li style=\"font-weight: 400;\"><a href=\"https:\/\/www.udg.edu\/ca\/estudia\/Acces\" target=\"_blank\" rel=\"noopener noreferrer\"><span style=\"font-weight: 400;\">Acc\u00e9s (UdG)<\/span><\/a><\/li>\n<li style=\"font-weight: 400;\"><a href=\"https:\/\/universitats.gencat.cat\/ca\/preinscripcions\/sobre-preinscripcio\/ponderacions\/\" target=\"_blank\" rel=\"noopener noreferrer\"><span style=\"font-weight: 400;\">Ponderacions de les PAU<\/span><\/a><\/li>\n<li style=\"font-weight: 400;\"><a href=\"https:\/\/universitats.gencat.cat\/ca\/preinscripcions\/sobre-preinscripcio\/notes-tall\/\" target=\"_blank\" rel=\"noopener noreferrer\">Notes de tall<\/a><\/li>\n<li><a href=\"https:\/\/universitats.gencat.cat\/ca\/estudis-universitaris\/cercador-estudis-universitaris\/\" target=\"_blank\" rel=\"noopener noreferrer\">Reconeixements de cr\u00e8dits ECTS en relaci\u00f3 amb els Cicles Formatius de Grau Superior afins<\/a><\/li>\n<\/ul>\n<p>&nbsp;<\/p>\n<h3><b>Sol\u00b7licitud de t\u00edtols<\/b><\/h3>\n<ul class=\"hanging-list\">\n<li><a href=\"https:\/\/www.udg.edu\/ca\/estudia\/Tramits-normatives-i-preus\/Impresos\" target=\"_blank\" rel=\"noopener noreferrer\">Impresos<\/a><\/li>\n<\/ul>\n<p>&nbsp;<\/p>\n<h3><strong>Enlla\u00e7os<\/strong><\/h3>\n<ul class=\"hanging-list\">\n<li style=\"font-weight: 400;\"><a href=\"http:\/\/www.aqu.cat\/\" target=\"_blank\" rel=\"noopener noreferrer\"><span style=\"font-weight: 400;\">Ag\u00e8ncia per a la Qualitat del Sistema Universitari de Catalunya (AQU)<\/span><\/a><\/li>\n<li><a href=\"https:\/\/estudis.aqu.cat\/euc\/ca\/Comu\/Inici\/\" target=\"_blank\" rel=\"noopener noreferrer\"><u>EUC<\/u><\/a><\/li>\n<li style=\"font-weight: 400;\"><a href=\"https:\/\/www.udg.edu\/ca\/udgqualitat\/\" target=\"_blank\" rel=\"noopener noreferrer\"><span style=\"font-weight: 400;\">Web de qualitat de la UdG<\/span><\/a><\/li>\n<li><a href=\"https:\/\/www.udg.edu\/ca\/fc\/Estudiants\/Mobilitat\" target=\"_blank\" rel=\"noopener noreferrer\">Web de mobilitat de la UdG<\/a><\/li>\n<li style=\"font-weight: 400;\"><a href=\"https:\/\/www.udg.edu\/ca\/viu\/biblioteca\" target=\"_blank\" rel=\"noopener noreferrer\"><span style=\"font-weight: 400;\">Biblioteca<\/span><\/a><\/li>\n<\/ul>\n","protected":false},"excerpt":{"rendered":"<p>Legislaci\u00f3 sobre educaci\u00f3 superior universit\u00e0ria Legislaci\u00f3 sobre educaci\u00f3 superior universit\u00e0ria a Catalunya Normativa de la Universitat de Girona Normatives i procediments UdG Beques i ajuts Pla de Continge\u0300ncia COVID-19 &nbsp; Normativa pr\u00f2pia d\u2019EUSES Reglament intern organitzador del Treball Final de Grau i Treball Final de M\u00e0ster Normativa interna organitzadora de les pr\u00e0ctiques externes Codi \u00e8tic [&hellip;]<\/p>\n","protected":false},"author":1,"featured_media":0,"parent":0,"menu_order":0,"comment_status":"closed","ping_status":"closed","template":"page-pagina.php","meta":{"_acf_changed":false,"inline_featured_image":false,"_joinchat":[],"footnotes":""},"class_list":["post-7162","page","type-page","status-publish","hentry"],"acf":[],"yoast_head":"<!-- This site is optimized with the Yoast SEO plugin v27.4 - https:\/\/yoast.com\/product\/yoast-seo-wordpress\/ -->\n<title>Normativa | EUSES- Campus de Bellvitge (Barcelona)<\/title>\n<meta name=\"robots\" content=\"index, follow, max-snippet:-1, max-image-preview:large, max-video-preview:-1\" \/>\n<link rel=\"canonical\" href=\"https:\/\/barcelona.euses.cat\/ca\/normativa\/\" \/>\n<meta property=\"og:locale\" content=\"ca_ES\" \/>\n<meta property=\"og:type\" content=\"article\" \/>\n<meta property=\"og:title\" content=\"Normativa | EUSES- Campus de Bellvitge (Barcelona)\" \/>\n<meta property=\"og:description\" content=\"Legislaci\u00f3 sobre educaci\u00f3 superior universit\u00e0ria Legislaci\u00f3 sobre educaci\u00f3 superior universit\u00e0ria a Catalunya Normativa de la Universitat de Girona Normatives i procediments UdG Beques i ajuts Pla de Continge\u0300ncia COVID-19 &nbsp; Normativa pr\u00f2pia d\u2019EUSES Reglament intern organitzador del Treball Final de Grau i Treball Final de M\u00e0ster Normativa interna organitzadora de les pr\u00e0ctiques externes Codi \u00e8tic [&hellip;]\" \/>\n<meta property=\"og:url\" content=\"https:\/\/barcelona.euses.cat\/ca\/normativa\/\" \/>\n<meta property=\"og:site_name\" content=\"EUSES- Campus de Bellvitge (Barcelona)\" \/>\n<meta property=\"article:publisher\" content=\"https:\/\/www.facebook.com\/PhysioBCN\/\" \/>\n<meta property=\"article:modified_time\" content=\"2025-07-18T11:35:18+00:00\" \/>\n<meta name=\"twitter:card\" content=\"summary_large_image\" \/>\n<meta name=\"twitter:label1\" content=\"Temps estimat de lectura\" \/>\n\t<meta name=\"twitter:data1\" content=\"1 minut\" \/>\n<script type=\"application\/ld+json\" class=\"yoast-schema-graph\">{\"@context\":\"https:\\\/\\\/schema.org\",\"@graph\":[{\"@type\":\"WebPage\",\"@id\":\"https:\\\/\\\/barcelona.euses.cat\\\/ca\\\/normativa\\\/\",\"url\":\"https:\\\/\\\/barcelona.euses.cat\\\/ca\\\/normativa\\\/\",\"name\":\"Normativa | EUSES- Campus de Bellvitge (Barcelona)\",\"isPartOf\":{\"@id\":\"https:\\\/\\\/barcelona.euses.cat\\\/ca\\\/#website\"},\"datePublished\":\"2019-06-17T07:51:58+00:00\",\"dateModified\":\"2025-07-18T11:35:18+00:00\",\"breadcrumb\":{\"@id\":\"https:\\\/\\\/barcelona.euses.cat\\\/ca\\\/normativa\\\/#breadcrumb\"},\"inLanguage\":\"ca\",\"potentialAction\":[{\"@type\":\"ReadAction\",\"target\":[\"https:\\\/\\\/barcelona.euses.cat\\\/ca\\\/normativa\\\/\"]}]},{\"@type\":\"BreadcrumbList\",\"@id\":\"https:\\\/\\\/barcelona.euses.cat\\\/ca\\\/normativa\\\/#breadcrumb\",\"itemListElement\":[{\"@type\":\"ListItem\",\"position\":1,\"name\":\"Portada\",\"item\":\"https:\\\/\\\/barcelona.euses.cat\\\/ca\\\/\"},{\"@type\":\"ListItem\",\"position\":2,\"name\":\"Normativa\"}]},{\"@type\":\"WebSite\",\"@id\":\"https:\\\/\\\/barcelona.euses.cat\\\/ca\\\/#website\",\"url\":\"https:\\\/\\\/barcelona.euses.cat\\\/ca\\\/\",\"name\":\"EUSES - Campus de Bellvitge (Barcelona)\",\"description\":\"EUSES, Escola Universit\u00e0ria de Fisioter\u00e0pia Internacional a Barcelona\",\"potentialAction\":[{\"@type\":\"SearchAction\",\"target\":{\"@type\":\"EntryPoint\",\"urlTemplate\":\"https:\\\/\\\/barcelona.euses.cat\\\/ca\\\/?s={search_term_string}\"},\"query-input\":{\"@type\":\"PropertyValueSpecification\",\"valueRequired\":true,\"valueName\":\"search_term_string\"}}],\"inLanguage\":\"ca\"}]}<\/script>\n<!-- \/ Yoast SEO plugin. -->","yoast_head_json":{"title":"Normativa | EUSES- Campus de Bellvitge (Barcelona)","robots":{"index":"index","follow":"follow","max-snippet":"max-snippet:-1","max-image-preview":"max-image-preview:large","max-video-preview":"max-video-preview:-1"},"canonical":"https:\/\/barcelona.euses.cat\/ca\/normativa\/","og_locale":"ca_ES","og_type":"article","og_title":"Normativa | EUSES- Campus de Bellvitge (Barcelona)","og_description":"Legislaci\u00f3 sobre educaci\u00f3 superior universit\u00e0ria Legislaci\u00f3 sobre educaci\u00f3 superior universit\u00e0ria a Catalunya Normativa de la Universitat de Girona Normatives i procediments UdG Beques i ajuts Pla de Continge\u0300ncia COVID-19 &nbsp; Normativa pr\u00f2pia d\u2019EUSES Reglament intern organitzador del Treball Final de Grau i Treball Final de M\u00e0ster Normativa interna organitzadora de les pr\u00e0ctiques externes Codi \u00e8tic [&hellip;]","og_url":"https:\/\/barcelona.euses.cat\/ca\/normativa\/","og_site_name":"EUSES- Campus de Bellvitge (Barcelona)","article_publisher":"https:\/\/www.facebook.com\/PhysioBCN\/","article_modified_time":"2025-07-18T11:35:18+00:00","twitter_card":"summary_large_image","twitter_misc":{"Temps estimat de lectura":"1 minut"},"schema":{"@context":"https:\/\/schema.org","@graph":[{"@type":"WebPage","@id":"https:\/\/barcelona.euses.cat\/ca\/normativa\/","url":"https:\/\/barcelona.euses.cat\/ca\/normativa\/","name":"Normativa | EUSES- Campus de Bellvitge (Barcelona)","isPartOf":{"@id":"https:\/\/barcelona.euses.cat\/ca\/#website"},"datePublished":"2019-06-17T07:51:58+00:00","dateModified":"2025-07-18T11:35:18+00:00","breadcrumb":{"@id":"https:\/\/barcelona.euses.cat\/ca\/normativa\/#breadcrumb"},"inLanguage":"ca","potentialAction":[{"@type":"ReadAction","target":["https:\/\/barcelona.euses.cat\/ca\/normativa\/"]}]},{"@type":"BreadcrumbList","@id":"https:\/\/barcelona.euses.cat\/ca\/normativa\/#breadcrumb","itemListElement":[{"@type":"ListItem","position":1,"name":"Portada","item":"https:\/\/barcelona.euses.cat\/ca\/"},{"@type":"ListItem","position":2,"name":"Normativa"}]},{"@type":"WebSite","@id":"https:\/\/barcelona.euses.cat\/ca\/#website","url":"https:\/\/barcelona.euses.cat\/ca\/","name":"EUSES - Campus de Bellvitge (Barcelona)","description":"EUSES, Escola Universit\u00e0ria de Fisioter\u00e0pia Internacional a Barcelona","potentialAction":[{"@type":"SearchAction","target":{"@type":"EntryPoint","urlTemplate":"https:\/\/barcelona.euses.cat\/ca\/?s={search_term_string}"},"query-input":{"@type":"PropertyValueSpecification","valueRequired":true,"valueName":"search_term_string"}}],"inLanguage":"ca"}]}},"_links":{"self":[{"href":"https:\/\/barcelona.euses.cat\/ca\/wp-json\/wp\/v2\/pages\/7162","targetHints":{"allow":["GET"]}}],"collection":[{"href":"https:\/\/barcelona.euses.cat\/ca\/wp-json\/wp\/v2\/pages"}],"about":[{"href":"https:\/\/barcelona.euses.cat\/ca\/wp-json\/wp\/v2\/types\/page"}],"author":[{"embeddable":true,"href":"https:\/\/barcelona.euses.cat\/ca\/wp-json\/wp\/v2\/users\/1"}],"replies":[{"embeddable":true,"href":"https:\/\/barcelona.euses.cat\/ca\/wp-json\/wp\/v2\/comments?post=7162"}],"version-history":[{"count":22,"href":"https:\/\/barcelona.euses.cat\/ca\/wp-json\/wp\/v2\/pages\/7162\/revisions"}],"predecessor-version":[{"id":12635,"href":"https:\/\/barcelona.euses.cat\/ca\/wp-json\/wp\/v2\/pages\/7162\/revisions\/12635"}],"wp:attachment":[{"href":"https:\/\/barcelona.euses.cat\/ca\/wp-json\/wp\/v2\/media?parent=7162"}],"curies":[{"name":"wp","href":"https:\/\/api.w.org\/{rel}","templated":true}]}}